{"id":1433,"date":"2020-03-18T05:42:57","date_gmt":"2020-03-18T05:42:57","guid":{"rendered":"http:\/\/hosting-super.eu\/siteuri\/sitedorian\/?page_id=1433"},"modified":"2020-07-05T22:38:28","modified_gmt":"2020-07-05T19:38:28","slug":"link-uri-utile","status":"publish","type":"page","link":"https:\/\/stindard.ro\/ro\/link-uri-utile\/","title":{"rendered":"Link-uri utile"},"content":{"rendered":"<p>[et_pb_section bb_built=&#8221;1&#8243; fullwidth=&#8221;on&#8221; next_background_color=&#8221;#ffffff&#8221; _builder_version=&#8221;3.19.3&#8243; background_image=&#8221;http:\/\/hosting-super.eu\/siteuri\/sitedorian\/wp-content\/uploads\/2019\/03\/life-coach-09.jpg&#8221; module_alignment=&#8221;center&#8221; bottom_divider_style=&#8221;slant&#8221; bottom_divider_flip=&#8221;horizontal&#8221; animation_direction=&#8221;top&#8221; z_index_tablet=&#8221;500&#8243; gutter_width=&#8221;2&#8243;][et_pb_fullwidth_header admin_label=&#8221;Link-uri utile&#8221; title=&#8221;Leg\u0103turi Utile&#8221; text_orientation=&#8221;center&#8221; header_scroll_down=&#8221;on&#8221; scroll_down_icon=&#8221;%%9%%&#8221; scroll_down_icon_size=&#8221;52px&#8221; background_overlay_color=&#8221;rgba(247,247,247,0)&#8221; scroll_down_icon_size_tablet=&#8221;56px&#8221; scroll_down_icon_size_phone=&#8221;59px&#8221; scroll_down_icon_size_last_edited=&#8221;on|phone&#8221; _builder_version=&#8221;3.19.3&#8243; title_font=&#8221;alatsi|100||on|||||&#8221; title_text_align=&#8221;center&#8221; title_text_color=&#8221;#ffffff&#8221; title_font_size=&#8221;58px&#8221; title_font_size_tablet=&#8221;54px&#8221; title_font_size_phone=&#8221;41px&#8221; title_font_size_last_edited=&#8221;on|desktop&#8221; title_letter_spacing=&#8221;2px&#8221; title_line_height=&#8221;1.2em&#8221; title_text_shadow_style=&#8221;preset2&#8243; content_font=&#8221;alatsi|100|||||||&#8221; content_text_align=&#8221;center&#8221; content_text_color=&#8221;#ffffff&#8221; content_letter_spacing=&#8221;1px&#8221; content_line_height=&#8221;1.8em&#8221; content_text_shadow_style=&#8221;preset2&#8243; subhead_font=&#8221;alatsi|300||on|||||&#8221; subhead_text_align=&#8221;center&#8221; subhead_text_color=&#8221;#ffffff&#8221; subhead_font_size=&#8221;21px&#8221; subhead_font_size_tablet=&#8221;18px&#8221; subhead_font_size_phone=&#8221;14px&#8221; subhead_font_size_last_edited=&#8221;on|phone&#8221; subhead_letter_spacing=&#8221;1px&#8221; subhead_letter_spacing_last_edited=&#8221;on|phone&#8221; subhead_line_height=&#8221;1.1em&#8221; subhead_line_height_tablet=&#8221;1.2em&#8221; subhead_line_height_phone=&#8221;1.3em&#8221; subhead_line_height_last_edited=&#8221;on|phone&#8221; background_color=&#8221;rgba(251,188,5,0)&#8221; background_image=&#8221;https:\/\/stindard.ro\/wp-content\/uploads\/2020\/04\/stindard-ro_albastru-galben-rosu.jpg&#8221; parallax=&#8221;on&#8221; custom_button_two=&#8221;on&#8221; button_two_text_size=&#8221;17&#8243; button_two_text_color=&#8221;#002147&#8243; button_two_bg_color=&#8221;#ffffff&#8221; button_two_border_color=&#8221;#ffffff&#8221; button_two_border_radius=&#8221;30&#8243; button_two_font=&#8221;alatsi|||on|||||&#8221; button_two_icon=&#8221;%%3%%&#8221; button_two_icon_color=&#8221;#002147&#8243; button_two_text_size_tablet=&#8221;15&#8243; button_two_text_size_phone=&#8221;12&#8243; button_two_text_size_last_edited=&#8221;on|phone&#8221; custom_button_one=&#8221;on&#8221; button_one_text_size=&#8221;17&#8243; button_one_text_color=&#8221;#002147&#8243; button_one_bg_color=&#8221;#ffffff&#8221; button_one_border_width=&#8221;3&#8243; button_one_border_color=&#8221;#ffffff&#8221; button_one_border_radius=&#8221;50&#8243; button_one_font=&#8221;alatsi|||on|||||&#8221; button_one_icon=&#8221;%%3%%&#8221; button_one_icon_color=&#8221;#002147&#8243; button_one_text_size_tablet=&#8221;15&#8243; button_one_text_size_phone=&#8221;12&#8243; button_one_text_size_last_edited=&#8221;on|phone&#8221; custom_margin=&#8221;|||&#8221; custom_padding=&#8221;5vw||150px||false&#8221; mix_blend_mode=&#8221;darken&#8221; z_index_tablet=&#8221;500&#8243; text_shadow_style=&#8221;preset2&#8243; text_shadow_blur_strength=&#8221;0.16em&#8221; button_one_text_size__hover_enabled=&#8221;off&#8221; button_one_text_size__hover=&#8221;null&#8221; button_two_text_size__hover_enabled=&#8221;off&#8221; button_two_text_size__hover=&#8221;null&#8221; button_one_text_color__hover_enabled=&#8221;off&#8221; button_one_text_color__hover=&#8221;null&#8221; button_two_text_color__hover_enabled=&#8221;off&#8221; button_two_text_color__hover=&#8221;null&#8221; button_one_border_width__hover_enabled=&#8221;off&#8221; button_one_border_width__hover=&#8221;null&#8221; button_two_border_width__hover_enabled=&#8221;off&#8221; button_two_border_width__hover=&#8221;null&#8221; button_one_border_color__hover_enabled=&#8221;off&#8221; button_one_border_color__hover=&#8221;null&#8221; button_two_border_color__hover_enabled=&#8221;off&#8221; button_two_border_color__hover=&#8221;null&#8221; button_one_border_radius__hover_enabled=&#8221;off&#8221; button_one_border_radius__hover=&#8221;null&#8221; button_two_border_radius__hover_enabled=&#8221;off&#8221; button_two_border_radius__hover=&#8221;null&#8221; button_one_letter_spacing__hover_enabled=&#8221;off&#8221; button_one_letter_spacing__hover=&#8221;null&#8221; button_two_letter_spacing__hover_enabled=&#8221;off&#8221; button_two_letter_spacing__hover=&#8221;null&#8221; button_one_bg_color__hover_enabled=&#8221;off&#8221; button_one_bg_color__hover=&#8221;null&#8221; button_two_bg_color__hover_enabled=&#8221;off&#8221; button_two_bg_color__hover=&#8221;null&#8221;]<\/p>\n<p>\u00a0<\/p>\n<p>\u00a0<\/p>\n<p>\u00a0<\/p>\n<p>[\/et_pb_fullwidth_header][\/et_pb_section][et_pb_section bb_built=&#8221;1&#8243; admin_label=&#8221;Contact Section&#8221; next_background_color=&#8221;#002147&#8243; _builder_version=&#8221;3.6&#8243; custom_padding=&#8221;54px|0px|0|0px|false|false&#8221; bottom_divider_style=&#8221;slant&#8221; bottom_divider_flip=&#8221;horizontal&#8221; bottom_divider_arrangement=&#8221;above_content&#8221; prev_background_color=&#8221;#000000&#8243;][et_pb_row _builder_version=&#8221;3.0.48&#8243; background_size=&#8221;initial&#8221; background_position=&#8221;top_left&#8221; background_repeat=&#8221;repeat&#8221;][et_pb_column type=&#8221;4_4&#8243;][et_pb_text _builder_version=&#8221;3.19.3&#8243; text_font_size=&#8221;16px&#8221; z_index_tablet=&#8221;500&#8243;]<\/p>\n<p style=\"text-align: center;\">\n<p style=\"text-align: center;\"><a href=\"http:\/\/www.presidency.ro\/\" target=\"_blank\" rel=\"noopener noreferrer\">Presedintele Rom\u00e2niei<\/a><\/p>\n<p style=\"text-align: center;\"><a href=\"http:\/\/www.gov.ro\/\" target=\"_blank\" rel=\"noopener noreferrer\">Guvernul Rom\u00e2niei<\/a><\/p>\n<p style=\"text-align: center;\"><a href=\"http:\/\/www.senat.ro\/\" target=\"_blank\" rel=\"noopener noreferrer\">Senatul Rom\u00e2niei<\/a><\/p>\n<p style=\"text-align: center;\"><a href=\"http:\/\/www.cdep.ro\/\" target=\"_blank\" rel=\"noopener noreferrer\">Camera Deputa\u021bilor<\/a><\/p>\n<p style=\"text-align: center;\"><a href=\"http:\/\/www.cultura.ro\/\" target=\"_blank\" rel=\"noopener noreferrer\">Ministerul Culturii si Cultelor<\/a><\/p>\n<p style=\"text-align: center;\"><a href=\"http:\/\/www.academiaromana.ro\/\" target=\"_blank\" rel=\"noopener noreferrer\">Academia Rom\u00e2na<\/a><\/p>\n<p style=\"text-align: center;\"><a href=\"http:\/\/www.once.ro\/\" target=\"_blank\" rel=\"noopener noreferrer\">Oficiul Na\u021bional pentru Cultul Eroilor<\/a><\/p>\n<p style=\"text-align: center;\"><a href=\"http:\/\/www.mae.ro\/index.php?unde=doc&#038;id=28366&#038;idlnk=1&#038;cat=3\" target=\"_blank\" rel=\"noopener noreferrer\">Departamentul pentru Rela\u0163iile cu Rom\u00e2nii de Pretutindeni (MAE)<\/a><\/p>\n<p style=\"text-align: center;\"><a href=\"http:\/\/www.cimec.ro\/\" target=\"_blank\" rel=\"noopener noreferrer\">Institutul de Memorie Culturala din Rom\u00e2nia<\/a><\/p>\n<p style=\"text-align: center;\"><a href=\"http:\/\/www.iicbucarest.esteri.it\/\" target=\"_blank\" rel=\"noopener noreferrer\">Institutul Italian de Cultura din Bucuresti<\/a><\/p>\n<p style=\"text-align: center;\"><a href=\"http:\/\/www.euroinst.ro\/\" target=\"_blank\" rel=\"noopener noreferrer\">Institutul European pentru Cooperare Cultural-Stiintifica<\/a><\/p>\n<p style=\"text-align: center;\"><a href=\"http:\/\/www.centrul-european-sinaia.ro\/\" target=\"_blank\" rel=\"noopener noreferrer\">Centrul European de Cultura Sinaia<\/a><\/p>\n<p style=\"text-align: center;\"><a href=\"http:\/\/www.icr.ro\/\" target=\"_blank\" rel=\"noopener noreferrer\">Institutul Cultural Rom\u00e2n<\/a><\/p>\n<p style=\"text-align: center;\"><a href=\"http:\/\/www.centrul-cultura-traditionala.ro\/\" target=\"_blank\" rel=\"noopener noreferrer\">Centrul National pentru Conservarea si Promovarea Culturii Traditionale<\/a><\/p>\n<p style=\"text-align: center;\"><a href=\"http:\/\/www.cndc.ro\/\" target=\"_blank\" rel=\"noopener noreferrer\">Comitetul Na\u0163ional pentru Dezvoltare Cultural\u0103<\/a><\/p>\n<p style=\"text-align: center;\"><a href=\"http:\/\/www.arcub.ro\/\" target=\"_blank\" rel=\"noopener noreferrer\">Centrul de Proiecte Culturale din Bucuresti<\/a><\/p>\n<p style=\"text-align: center;\"><a href=\"http:\/\/www.coe.ro\/\" target=\"_blank\" rel=\"noopener noreferrer\">Biroului de Informare al Consiliului Europei la Bucuresti<\/a><\/p>\n<p style=\"text-align: center;\"><a href=\"http:\/\/www.primascoalaromaneasca.ro\/index.php?p=home\" target=\"_blank\" rel=\"noopener noreferrer\">Prima Scoala Rom\u00e2neasca &#8211; zidita \u00een anul 1495, recladita la 1760<\/a>\u00a0&#8211; Brasov, Schei<\/p>\n<p style=\"text-align: center;\">Asocia\u021bii<\/p>\n<p style=\"text-align: center;\"><a href=\"http:\/\/www.6dorobanti.ro\/\" target=\"_blank\" rel=\"noopener noreferrer\">Asociatia 6 Dorobanti<\/a>\u00a0&#8211; promoveaza tradi\u0163iile Regimentului 6 Doroban\u0163i de Garda&#8221;Mihai Viteazul&#8221;<\/p>\n<p style=\"text-align: center;\"><a href=\"http:\/\/www.traditia-militara.ro\/\" target=\"_blank\" rel=\"noopener noreferrer\">Asociatia TRADITIA MILITARA<\/a><\/p>\n<p style=\"text-align: center;\"><b>Asociatia Culturala PRO BASARABIA SI BUCOVINA<\/b><\/p>\n<p style=\"text-align: center;\"><a href=\"http:\/\/www.taramotilor.ro\/\" target=\"_blank\" rel=\"noopener noreferrer\">Tara Motilor<\/a><\/p>\n<p style=\"text-align: center;\"><a href=\"http:\/\/www.saeculum.ro\/\" target=\"_blank\" rel=\"noopener noreferrer\">Editura Saeculum I.O.<\/a>\u00a0Bucuresti<\/p>\n<p style=\"text-align: center;\">Luc FRANCOIS &#8211;\u00a0<b>32 H\u00e9ros roumains en Belgique&#8230;<\/b><\/p>\n<p style=\"text-align: center;\">Asociatia Profesorilor de Istorie din Romania &#8211; Clio<\/p>\n<p style=\"text-align: center;\"><b>Personalitati militare<\/b><\/p>\n<p style=\"text-align: center;\"><a href=\"http:\/\/www.general.mociulschi.ro\/\" target=\"_blank\" rel=\"noopener noreferrer\">General Leonard MOCIULSCHI<\/a><\/p>\n<p style=\"text-align: center;\"><a href=\"http:\/\/www.generaldumitrache.ro\/\" target=\"_blank\" rel=\"noopener noreferrer\">General Ioan DUMITRACHE<\/a><\/p>\n<p style=\"text-align: center;\"><b>Asociatii ale militarilor in rezerva si in retragere, veterani de razboi<\/b><\/p>\n<p style=\"text-align: center;\"><a href=\"http:\/\/sindicatulcmd.blogspot.com\/\" target=\"_blank\" rel=\"noopener noreferrer\">Sindicatul Cadrelor Militare Disponibilizate<\/a><\/p>\n<p style=\"text-align: center;\"><b>Asociatia Cadrelor Militare in Rezerva &#8211; &#8222;Avram Iancu&#8221;<\/b><\/p>\n<p style=\"text-align: center;\"><strong>Asociatia Ofiterilor in Rezerva din Romania<\/strong><\/p>\n<p style=\"text-align: center;\"><a href=\"http:\/\/www.acmirr.cabanova.ro\/\" target=\"_blank\" rel=\"noopener noreferrer\">Asociatia Cadrelor Militare in Rezerva si in Retragere din armele Transmisiuni, Informatica si Razboi Electronic &#8211; Filiala Gorj<\/a><\/p>\n<p style=\"text-align: center;\"><b>Diverse<\/b><\/p>\n<p style=\"text-align: center;\"><a href=\"http:\/\/www.olimpiade.ro\/\" target=\"_blank\" rel=\"noopener noreferrer\">Olimpiade<\/a>\u00a0&#8211; stiri, rezultate, alte concursuri<\/p>\n<p style=\"text-align: center;\"><a href=\"http:\/\/www.centruldestudii.ro\/\" target=\"_blank\" rel=\"noopener noreferrer\">Centrul de studii pentru resurse rom\u00e2nesti<\/a><\/p>\n<p style=\"text-align: center;\"><a href=\"http:\/\/www.eustory-romania.home.ro\/index.htm\" target=\"_blank\" rel=\"noopener noreferrer\">Istoria mea &#8211; EUSTORY<\/a><\/p>\n<p style=\"text-align: center;\"><a href=\"http:\/\/www.agero-stuttgart.de\/\" target=\"_blank\" rel=\"noopener noreferrer\">AGERO &#8211; Asociatia Germano &#8211; Romana din Stuttgart<\/a>\u00a0&#8211; Deutsch-Rum\u00e4nischer Verein Stuttgart e.V.<\/p>\n<p style=\"text-align: center;\">BASARABIA &#8211; p\u0103m\u00e2nt rom\u00e2nesc<\/p>\n<p style=\"text-align: center;\"><a href=\"http:\/\/www.comunicatemedia.ro\/\" target=\"_blank\" rel=\"noopener noreferrer\">Comunicate Media<\/a><\/p>\n<p style=\"text-align: center;\"><b>Publicatii<\/b><\/p>\n<p style=\"text-align: center;\"><a href=\"http:\/\/www.rostonline.ro\/\" target=\"_blank\" rel=\"noopener noreferrer\">ROST<\/a>\u00a0&#8211; Revista lunara editata de Asociatia ROST<\/p>\n<p style=\"text-align: center;\"><a href=\"http:\/\/iic.alpinet.org\/\" target=\"_blank\" rel=\"noopener noreferrer\">Invitatie in Muntii Carpati<\/a>\u00a0&#8211; Revist\u0103 lunar\u0103 de drume\u0163ie, munte, natur\u0103, distribuit\u0103 electronic, publicat\u0103 de Proiectul Alpinet<\/p>\n<p style=\"text-align: center;\"><a href=\"http:\/\/www.stiriong.ro\/\" target=\"_blank\" rel=\"noopener noreferrer\">Stiri ONG<\/a><\/p>\n<p>[\/et_pb_text][\/et_pb_column][\/et_pb_row][et_pb_row _builder_version=&#8221;3.0.48&#8243; background_size=&#8221;initial&#8221; background_position=&#8221;top_left&#8221; background_repeat=&#8221;repeat&#8221;][et_pb_column type=&#8221;4_4&#8243;][et_pb_text _builder_version=&#8221;3.21.1&#8243; z_index_tablet=&#8221;500&#8243;]<\/p>\n<p>&nbsp;<\/p>\n<p>&nbsp;<\/p>\n<p>&nbsp;<\/p>\n<p>[\/et_pb_text][\/et_pb_column][\/et_pb_row][\/et_pb_section][et_pb_section bb_built=&#8221;1&#8243; admin_label=&#8221;CTA&#8221; _builder_version=&#8221;3.19.3&#8243; background_color_gradient_start=&#8221;#002147&#8243; background_color_gradient_end=&#8221;rgba(255,208,136,0.84)&#8221; background_color_gradient_end_position=&#8221;70%&#8221; background_color_gradient_overlays_image=&#8221;on&#8221; custom_margin=&#8221;|||&#8221; custom_padding=&#8221;||0px||false&#8221; z_index_tablet=&#8221;500&#8243; background_color=&#8221;#002147&#8243; gutter_width=&#8221;2&#8243; prev_background_color=&#8221;#ffffff&#8221;][et_pb_row _builder_version=&#8221;3.21.1&#8243;][et_pb_column type=&#8221;4_4&#8243;][et_pb_image admin_label=&#8221;LOGO STINDARD SUBSOL&#8221; _builder_version=&#8221;3.21.1&#8243; src=&#8221;https:\/\/stindard.ro\/wp-content\/uploads\/2019\/03\/Logo-transparent_Asociatia-STINDARD_ro_100x116.png&#8221; z_index_tablet=&#8221;500&#8243; align=&#8221;center&#8221; \/][\/et_pb_column][\/et_pb_row][\/et_pb_section]<\/p>\n","protected":false},"excerpt":{"rendered":"<p>\u00a0\u00a0\u00a0 Presedintele Rom\u00e2niei Guvernul Rom\u00e2niei Senatul Rom\u00e2niei Camera Deputa\u021bilor Ministerul Culturii si Cultelor Academia Rom\u00e2na Oficiul Na\u021bional pentru Cultul Eroilor Departamentul pentru Rela\u0163iile cu Rom\u00e2nii de Pretutindeni (MAE) Institutul de Memorie Culturala din Rom\u00e2nia Institutul Italian de Cultura din Bucuresti Institutul European pentru Cooperare Cultural-Stiintifica Centrul European de Cultura Sinaia Institutul Cultural Rom\u00e2n Centrul National [&hellip;]<\/p>\n","protected":false},"author":2,"featured_media":0,"parent":0,"menu_order":0,"comment_status":"closed","ping_status":"closed","template":"","meta":{"_et_pb_use_builder":"on","_et_pb_old_content":"","_et_gb_content_width":""},"_links":{"self":[{"href":"https:\/\/stindard.ro\/ro\/wp-json\/wp\/v2\/pages\/1433"}],"collection":[{"href":"https:\/\/stindard.ro\/ro\/wp-json\/wp\/v2\/pages"}],"about":[{"href":"https:\/\/stindard.ro\/ro\/wp-json\/wp\/v2\/types\/page"}],"author":[{"embeddable":true,"href":"https:\/\/stindard.ro\/ro\/wp-json\/wp\/v2\/users\/2"}],"replies":[{"embeddable":true,"href":"https:\/\/stindard.ro\/ro\/wp-json\/wp\/v2\/comments?post=1433"}],"version-history":[{"count":13,"href":"https:\/\/stindard.ro\/ro\/wp-json\/wp\/v2\/pages\/1433\/revisions"}],"predecessor-version":[{"id":2388,"href":"https:\/\/stindard.ro\/ro\/wp-json\/wp\/v2\/pages\/1433\/revisions\/2388"}],"wp:attachment":[{"href":"https:\/\/stindard.ro\/ro\/wp-json\/wp\/v2\/media?parent=1433"}],"curies":[{"name":"wp","href":"https:\/\/api.w.org\/{rel}","templated":true}]}}